{"id":268,"date":"2023-09-21T10:45:53","date_gmt":"2023-09-21T10:45:53","guid":{"rendered":"https:\/\/ubizportugal.pt\/cub%C3%ADcullum\/?page_id=268"},"modified":"2023-09-26T12:00:59","modified_gmt":"2023-09-26T12:00:59","slug":"nossa-historia","status":"publish","type":"page","link":"https:\/\/dev.ubizportugal.pt\/cubicullum\/index.php\/nossa-historia\/","title":{"rendered":"Nossa Hist\u00f3ria"},"content":{"rendered":"\r\n\r\n\r\n\r\n\r\n\r\n\r\n<h4>Nossa Hist\u00f3ria<\/h4>\r\n\r\n\r\n\r\n\r\n\r\n\r\n\r\n<h5 style=\"color: #ffffff;\"><span style=\"color: #ffffff;\">Constru\u00eddo cerca de 1820, foi destinado no andar de cima a alojar os engenheiros, e pintores de cer\u00e2mica que eram contratados pelas empresas de cer\u00e2mica que existiam em volta deste.<\/span><\/h5>\r\n<h5 style=\"color: #ffffff;\">\u00a0<\/h5>\r\n<p><span style=\"color: #ffffff;\">Foi alojamento at\u00e9 ao final da I Guerra Mundial, no in\u00edcio dos anos 20 do s\u00e9culo passado e ate ao final dos anos 50, e segundo as pessoas mais idosas da zona ter\u00e1 sido um bordel.<\/span><\/p>\r\n<p><span style=\"color: #ffffff;\">No in\u00edcio dos anos 60 e at\u00e9 meio dos anos 90 foi um posto da Guarda Fiscal. Foi durante a estadia da Guarda Fiscal que os tetos trabalhados foram destru\u00eddos..<\/span><\/p>\r\n<h5 style=\"color: #ffffff;\">\u00a0<\/h5>\r\n<h5 style=\"color: #ffffff;\">\u00a0<\/h5>\r\n<p>&nbsp;<\/p>\r\n<p><span style=\"color: #ffffff;\">Ap\u00f3s este per\u00edodo a casa foi arrendada a uma casa de materiais de constru\u00e7\u00e3o que existia no andar debaixo e onde guardavam materiais pl\u00e1sticos.<\/span><\/p>\r\n<p>&nbsp;<\/p>\r\n<p>&nbsp;<\/p>\r\n<p><span style=\"color: #ffffff;\">Nos in\u00edcios de 2000 a anterior senhoria requereu a casa<\/span><\/p>\r\n<p><span style=\"color: #ffffff;\"> <span style=\"color: #ffffff;\">novamente, para arrendar a uma fam\u00edlia durante 3 anos, findos<\/span> <span style=\"color: #ffffff;\">estes e at\u00e9 2014 foi uma rep\u00fablica de estudantes.<\/span><\/span><\/p>\r\n<p>&nbsp;<\/p>\r\n<p>&nbsp;<\/p>\r\n<p>&nbsp;<\/p>\r\n<h5 style=\"color: #ffffff;\"><span style=\"color: #ffffff;\">Em 2015 o edif\u00edcio foi vendido ao atual propriet\u00e1rio que tem tentado ap\u00f3s algumas buscas nos arquivos da C\u00e2mara de Gaia, restaurar a casa como era. Os tetos esses foram perdidos para sempre pois n\u00e3o existe registo fotogr\u00e1fico dos mesmos.<\/span><\/h5>\r\n<h5 style=\"color: #ffffff;\">\u00a0<\/h5>\r\n<h5 style=\"color: #ffffff;\"><span style=\"color: #ffffff;\">A casa foi assim adaptada ao alojamento local, criando um espa\u00e7o que permite ao viajante \/ turista ter a experiencia completa de viver no centro hist\u00f3rico da cidade de Gaia , junto \u00e0s Caves de vinho do Porto como Sandeman, Calem, Real Companhia Velha entre outros.<\/span><\/h5>\r\n<h5 style=\"color: #ffffff;\"><span style=\"color: #ffffff;\">\u00a0<\/span><\/h5>\r\n<h5><span style=\"color: #ffffff;\">O espa\u00e7o tem v\u00e1rios quartos com uso direto de sala de estar e de jantar , cozinha equipada para umas refei\u00e7\u00f5es pr\u00e1ticas e tomar um pequeno almo\u00e7o\u00a0 como se estivesse na sua casa, uma experiencia local incompar\u00e1vel.<\/span><\/h5>\r\n\r\n\r\n\r\n<p><span style=\"color: #ffffff;\">FICA O CONVITE, <span style=\"color: #b0974a;\">ESPERAMOS POR SI<\/span>!<\/span><\/p>\r\n<div style=\"color: #ffffff;\">\u00a0<\/div>\r\n<div>\u00a0<\/div>\r\n\r\n\r\n\r\n\r\n\r\n\r\n\r\n<p>&nbsp;<\/p>","protected":false},"excerpt":{"rendered":"<p>&nbsp;<\/p>\n","protected":false},"author":1,"featured_media":0,"parent":0,"menu_order":0,"comment_status":"closed","ping_status":"closed","template":"","meta":{"pagelayer_contact_templates":[],"_pagelayer_content":"","footnotes":""},"class_list":["post-268","page","type-page","status-publish","hentry"],"yoast_head":"<!-- This site is optimized with the Yoast SEO plugin v23.5 - https:\/\/yoast.com\/wordpress\/plugins\/seo\/ -->\n<title>Nossa Hist\u00f3ria - cub&iacute;cullum<\/title>\n<meta name=\"robots\" content=\"index, follow, max-snippet:-1, max-image-preview:large, max-video-preview:-1\" \/>\n<link rel=\"canonical\" href=\"https:\/\/dev.ubizportugal.pt\/cubicullum\/index.php\/nossa-historia\/\" \/>\n<meta property=\"og:locale\" content=\"en_US\" \/>\n<meta property=\"og:type\" content=\"article\" \/>\n<meta property=\"og:title\" content=\"Nossa Hist\u00f3ria - cub&iacute;cullum\" \/>\n<meta property=\"og:description\" content=\"&nbsp;\" \/>\n<meta property=\"og:url\" content=\"https:\/\/dev.ubizportugal.pt\/cubicullum\/index.php\/nossa-historia\/\" \/>\n<meta property=\"og:site_name\" content=\"cub&iacute;cullum\" \/>\n<meta property=\"article:publisher\" content=\"https:\/\/www.facebook.com\/Cubicullum\" \/>\n<meta property=\"article:modified_time\" content=\"2023-09-26T12:00:59+00:00\" \/>\n<meta name=\"twitter:card\" content=\"summary_large_image\" \/>\n<meta name=\"twitter:label1\" content=\"Est. reading time\" \/>\n\t<meta name=\"twitter:data1\" content=\"2 minutes\" \/>\n<script type=\"application\/ld+json\" class=\"yoast-schema-graph\">{\"@context\":\"https:\/\/schema.org\",\"@graph\":[{\"@type\":\"WebPage\",\"@id\":\"https:\/\/dev.ubizportugal.pt\/cubicullum\/index.php\/nossa-historia\/\",\"url\":\"https:\/\/dev.ubizportugal.pt\/cubicullum\/index.php\/nossa-historia\/\",\"name\":\"Nossa Hist\u00f3ria - cub&iacute;cullum\",\"isPartOf\":{\"@id\":\"https:\/\/dev.ubizportugal.pt\/cubicullum\/#website\"},\"datePublished\":\"2023-09-21T10:45:53+00:00\",\"dateModified\":\"2023-09-26T12:00:59+00:00\",\"breadcrumb\":{\"@id\":\"https:\/\/dev.ubizportugal.pt\/cubicullum\/index.php\/nossa-historia\/#breadcrumb\"},\"inLanguage\":\"en-US\",\"potentialAction\":[{\"@type\":\"ReadAction\",\"target\":[\"https:\/\/dev.ubizportugal.pt\/cubicullum\/index.php\/nossa-historia\/\"]}]},{\"@type\":\"BreadcrumbList\",\"@id\":\"https:\/\/dev.ubizportugal.pt\/cubicullum\/index.php\/nossa-historia\/#breadcrumb\",\"itemListElement\":[{\"@type\":\"ListItem\",\"position\":1,\"name\":\"Home\",\"item\":\"https:\/\/dev.ubizportugal.pt\/cubicullum\/\"},{\"@type\":\"ListItem\",\"position\":2,\"name\":\"Nossa Hist\u00f3ria\"}]},{\"@type\":\"WebSite\",\"@id\":\"https:\/\/dev.ubizportugal.pt\/cubicullum\/#website\",\"url\":\"https:\/\/dev.ubizportugal.pt\/cubicullum\/\",\"name\":\"Cub\u00edcullum\",\"description\":\"turism apartments rooms\",\"publisher\":{\"@id\":\"https:\/\/dev.ubizportugal.pt\/cubicullum\/#organization\"},\"potentialAction\":[{\"@type\":\"SearchAction\",\"target\":{\"@type\":\"EntryPoint\",\"urlTemplate\":\"https:\/\/dev.ubizportugal.pt\/cubicullum\/?s={search_term_string}\"},\"query-input\":{\"@type\":\"PropertyValueSpecification\",\"valueRequired\":true,\"valueName\":\"search_term_string\"}}],\"inLanguage\":\"en-US\"},{\"@type\":\"Organization\",\"@id\":\"https:\/\/dev.ubizportugal.pt\/cubicullum\/#organization\",\"name\":\"Cub\u00edcullum\",\"url\":\"https:\/\/dev.ubizportugal.pt\/cubicullum\/\",\"logo\":{\"@type\":\"ImageObject\",\"inLanguage\":\"en-US\",\"@id\":\"https:\/\/dev.ubizportugal.pt\/cubicullum\/#\/schema\/logo\/image\/\",\"url\":\"https:\/\/dev.ubizportugal.pt\/cubicullum\/wp-content\/uploads\/2023\/09\/cropped-cropped-Design-sem-nome-2.png\",\"contentUrl\":\"https:\/\/dev.ubizportugal.pt\/cubicullum\/wp-content\/uploads\/2023\/09\/cropped-cropped-Design-sem-nome-2.png\",\"width\":512,\"height\":512,\"caption\":\"Cub\u00edcullum\"},\"image\":{\"@id\":\"https:\/\/dev.ubizportugal.pt\/cubicullum\/#\/schema\/logo\/image\/\"},\"sameAs\":[\"https:\/\/www.facebook.com\/Cubicullum\",\"https:\/\/www.instagram.com\/cubiculum_gaya_rooms\/\"]}]}<\/script>\n<!-- \/ Yoast SEO plugin. -->","yoast_head_json":{"title":"Nossa Hist\u00f3ria - cub&iacute;cullum","robots":{"index":"index","follow":"follow","max-snippet":"max-snippet:-1","max-image-preview":"max-image-preview:large","max-video-preview":"max-video-preview:-1"},"canonical":"https:\/\/dev.ubizportugal.pt\/cubicullum\/index.php\/nossa-historia\/","og_locale":"en_US","og_type":"article","og_title":"Nossa Hist\u00f3ria - cub&iacute;cullum","og_description":"&nbsp;","og_url":"https:\/\/dev.ubizportugal.pt\/cubicullum\/index.php\/nossa-historia\/","og_site_name":"cub&iacute;cullum","article_publisher":"https:\/\/www.facebook.com\/Cubicullum","article_modified_time":"2023-09-26T12:00:59+00:00","twitter_card":"summary_large_image","twitter_misc":{"Est. reading time":"2 minutes"},"schema":{"@context":"https:\/\/schema.org","@graph":[{"@type":"WebPage","@id":"https:\/\/dev.ubizportugal.pt\/cubicullum\/index.php\/nossa-historia\/","url":"https:\/\/dev.ubizportugal.pt\/cubicullum\/index.php\/nossa-historia\/","name":"Nossa Hist\u00f3ria - cub&iacute;cullum","isPartOf":{"@id":"https:\/\/dev.ubizportugal.pt\/cubicullum\/#website"},"datePublished":"2023-09-21T10:45:53+00:00","dateModified":"2023-09-26T12:00:59+00:00","breadcrumb":{"@id":"https:\/\/dev.ubizportugal.pt\/cubicullum\/index.php\/nossa-historia\/#breadcrumb"},"inLanguage":"en-US","potentialAction":[{"@type":"ReadAction","target":["https:\/\/dev.ubizportugal.pt\/cubicullum\/index.php\/nossa-historia\/"]}]},{"@type":"BreadcrumbList","@id":"https:\/\/dev.ubizportugal.pt\/cubicullum\/index.php\/nossa-historia\/#breadcrumb","itemListElement":[{"@type":"ListItem","position":1,"name":"Home","item":"https:\/\/dev.ubizportugal.pt\/cubicullum\/"},{"@type":"ListItem","position":2,"name":"Nossa Hist\u00f3ria"}]},{"@type":"WebSite","@id":"https:\/\/dev.ubizportugal.pt\/cubicullum\/#website","url":"https:\/\/dev.ubizportugal.pt\/cubicullum\/","name":"Cub\u00edcullum","description":"turism apartments rooms","publisher":{"@id":"https:\/\/dev.ubizportugal.pt\/cubicullum\/#organization"},"potentialAction":[{"@type":"SearchAction","target":{"@type":"EntryPoint","urlTemplate":"https:\/\/dev.ubizportugal.pt\/cubicullum\/?s={search_term_string}"},"query-input":{"@type":"PropertyValueSpecification","valueRequired":true,"valueName":"search_term_string"}}],"inLanguage":"en-US"},{"@type":"Organization","@id":"https:\/\/dev.ubizportugal.pt\/cubicullum\/#organization","name":"Cub\u00edcullum","url":"https:\/\/dev.ubizportugal.pt\/cubicullum\/","logo":{"@type":"ImageObject","inLanguage":"en-US","@id":"https:\/\/dev.ubizportugal.pt\/cubicullum\/#\/schema\/logo\/image\/","url":"https:\/\/dev.ubizportugal.pt\/cubicullum\/wp-content\/uploads\/2023\/09\/cropped-cropped-Design-sem-nome-2.png","contentUrl":"https:\/\/dev.ubizportugal.pt\/cubicullum\/wp-content\/uploads\/2023\/09\/cropped-cropped-Design-sem-nome-2.png","width":512,"height":512,"caption":"Cub\u00edcullum"},"image":{"@id":"https:\/\/dev.ubizportugal.pt\/cubicullum\/#\/schema\/logo\/image\/"},"sameAs":["https:\/\/www.facebook.com\/Cubicullum","https:\/\/www.instagram.com\/cubiculum_gaya_rooms\/"]}]}},"_links":{"self":[{"href":"https:\/\/dev.ubizportugal.pt\/cubicullum\/index.php\/wp-json\/wp\/v2\/pages\/268","targetHints":{"allow":["GET"]}}],"collection":[{"href":"https:\/\/dev.ubizportugal.pt\/cubicullum\/index.php\/wp-json\/wp\/v2\/pages"}],"about":[{"href":"https:\/\/dev.ubizportugal.pt\/cubicullum\/index.php\/wp-json\/wp\/v2\/types\/page"}],"author":[{"embeddable":true,"href":"https:\/\/dev.ubizportugal.pt\/cubicullum\/index.php\/wp-json\/wp\/v2\/users\/1"}],"replies":[{"embeddable":true,"href":"https:\/\/dev.ubizportugal.pt\/cubicullum\/index.php\/wp-json\/wp\/v2\/comments?post=268"}],"version-history":[{"count":11,"href":"https:\/\/dev.ubizportugal.pt\/cubicullum\/index.php\/wp-json\/wp\/v2\/pages\/268\/revisions"}],"predecessor-version":[{"id":471,"href":"https:\/\/dev.ubizportugal.pt\/cubicullum\/index.php\/wp-json\/wp\/v2\/pages\/268\/revisions\/471"}],"wp:attachment":[{"href":"https:\/\/dev.ubizportugal.pt\/cubicullum\/index.php\/wp-json\/wp\/v2\/media?parent=268"}],"curies":[{"name":"wp","href":"https:\/\/api.w.org\/{rel}","templated":true}]}}